{"id":116161,"date":"2024-05-23T12:46:36","date_gmt":"2024-05-23T10:46:36","guid":{"rendered":"https:\/\/iffr.com\/nl\/?page_id=116161"},"modified":"2026-03-19T15:54:25","modified_gmt":"2026-03-19T14:54:25","slug":"the-team","status":"publish","type":"page","link":"https:\/\/iffr.com\/nl\/over-ons\/the-team","title":{"rendered":"Het team"},"content":{"rendered":"\n<p>IFFR werkt met een bevlogen team van ongeveer 40 medewerkers jaarrond. Ter voorbereiding en uitvoering van het festival en jaarrond activiteiten breidt het team zich uit met veel freelancers, stagiaires en vrijwilligers.<\/p>\n\n\n\n<h2 class=\"wp-block-heading\"><strong>Directors &amp; Board<\/strong><\/h2>\n\n\n\n<ul class=\"wp-block-list\">\n<li><em>Festival Director \u2013<\/em>&nbsp;Vanja Kaludjercic<\/li>\n\n\n\n<li><em>Managing Director<\/em>&nbsp;\u2013 Clare Stewart<\/li>\n<\/ul>\n\n\n\n<p><a href=\"mailto:director@IFFR.com\">director@IFFR.com<\/a><\/p>\n\n\n\n<h2 class=\"wp-block-heading\"><strong>Business Affairs<\/strong><\/h2>\n\n\n\n<ul class=\"wp-block-list\">\n<li><em>Head of People &amp; Culture<\/em>&nbsp;\u2013 Sarah de Kock<\/li>\n\n\n\n<li><em>Head of Finance \u2013<\/em>&nbsp;Anne Philippe<\/li>\n\n\n\n<li><em>Coordinator Business Affairs \u2013<\/em>&nbsp;Selda Tasgil<\/li>\n\n\n\n<li><em>Coordinator Finance \u2013<\/em> Claudia Passchier<\/li>\n\n\n\n<li><em>Coordinator Office &amp; Business Affairs <\/em>\u2013 Miranda Dijkshoorn&nbsp;<\/li>\n\n\n\n<li><em>Assistant to the Festival Director \u2013 <\/em>Elita Cannata&nbsp;<\/li>\n\n\n\n<li><em>Assistant to the Managing Director \u2013 <\/em>Kahlo Timmers<\/li>\n<\/ul>\n\n\n\n<h2 class=\"wp-block-heading\"><strong>Audiences &amp; Communities&nbsp;<\/strong><\/h2>\n\n\n\n<ul class=\"wp-block-list\">\n<li><em>Chief of Audiences &amp; Communities <\/em>\u2013 Marieke Sasse<\/li>\n\n\n\n<li><em>Head of Communications \u2013<\/em>&nbsp;Anne Wabeke&nbsp;&nbsp;<\/li>\n\n\n\n<li><em>Coordinator Marketing &amp; Communications<\/em> <em>Pro<\/em>&nbsp;\u2013 Fraser White&nbsp;&nbsp;<\/li>\n\n\n\n<li><em>Coordinator Data Marketing<\/em>&nbsp;\u2013 Laurin Iveti\u0107&nbsp;<\/li>\n\n\n\n<li><em>Coordinator Socials &amp; Communities &amp; Merchandise<\/em> \u2013 Laura Mastracchio&nbsp;<\/li>\n\n\n\n<li><em>Coordinator<\/em> <em>Audiences &amp; Communities <\/em>\u2013 Romy Rechmann<\/li>\n<\/ul>\n\n\n\n<h2 class=\"wp-block-heading\"><strong>Content<\/strong><\/h2>\n\n\n\n<ul class=\"wp-block-list\">\n<li><em>Chief of Content<\/em>&nbsp;\u2013 Melissa van der Schoor<\/li>\n\n\n\n<li><em>Curator and Coordinator Art Directions &amp; Lightroom<\/em> &#8211; Eva Langerak<\/li>\n\n\n\n<li><em>Project Manager RTM Day&nbsp; &amp; RTM Pitch <\/em>\u2013 Suze van Bohemen<\/li>\n<\/ul>\n\n\n\n<h3 class=\"wp-block-heading\"><strong>Education<\/strong><\/h3>\n\n\n\n<ul class=\"wp-block-list\">\n<li><em>Head of Education<\/em>&nbsp;\u2013 Boudewijn van den Broek<\/li>\n\n\n\n<li><em>Coordinator Education&nbsp;<\/em>\u2013&nbsp;Alyssa Schrauwen<\/li>\n\n\n\n<li><em>Coordinator Education<\/em> \u2013 Tracey Smit<\/li>\n<\/ul>\n\n\n\n<h3 class=\"wp-block-heading\"><strong>H<\/strong>ubert Bals Fonds<\/h3>\n\n\n\n<ul class=\"wp-block-list\">\n<li><em>Head of Hubert Bals Fund (HBF)&nbsp;<\/em>\u2013&nbsp;Tamara Tatishvili<\/li>\n\n\n\n<li><em>Interim HBF Coordinator <\/em>\u2013 Livvy Jakeman\u00a0<\/li>\n\n\n\n<li><em>Project Manager HBF<\/em>&nbsp;\u2013 Ayumi Filippone<\/li>\n<\/ul>\n\n\n\n<h3 class=\"wp-block-heading\"><strong>Pro<\/strong><\/h3>\n\n\n\n<ul class=\"wp-block-list\">\n<li><em>Head of Pro<\/em>&nbsp;\u2013 Marten Rabarts&nbsp;&nbsp;<\/li>\n\n\n\n<li><em>Manager Pro<\/em>&nbsp;\u2013 Alessia Acone<\/li>\n<\/ul>\n\n\n\n<h3 class=\"wp-block-heading\"><strong>Programme Operations &amp; International Relations<\/strong><\/h3>\n\n\n\n<ul class=\"wp-block-list\">\n<li><em>Head of Programme Operations<\/em>&nbsp;\u2013 Nina Rodriguez Lima<\/li>\n\n\n\n<li><em>Head of Guest and International Relations<\/em>&nbsp;\u2013 M\u00e9lissa Delm\u00e9e Mal\u00e9tras<\/li>\n\n\n\n<li><em>Coordinator Programme Operations<\/em> \u2013 Lesley Da Rae Yoon<\/li>\n\n\n\n<li><em>Programme Operations Officer<\/em>&nbsp;\u2013 Robert de Rek<\/li>\n<\/ul>\n\n\n\n<h3 class=\"wp-block-heading\"><strong>Selection Committee Members (features)<\/strong><\/h3>\n\n\n\n<p>Krist\u00edna Aschenbrennerova (South Korea, Japan, China, Hong Kong, Taiwan), Stefan Borsos (South and South-East Asia), Michelle Carey (English speaking territories), Evgeny Gusyatinskiy (Central and Eastern Europe, Israel), Mercedes Mart\u00ednez-Abarca (South and Central America, Mexico, Caribbeans), Olaf M\u00f6ller (German speaking territories, Nordic countries, the Cinema Regained programme), Lyse Nsengiyumva (Sub-Saharan Africa), Rebecca De Pas (Italy, Spain, Portugal), Olivier Pierre (French speaking territories), Koen de Rooij (Netherlands, Flanders), Delly Shirazi (Middle-East, Northern Africa, Iran, Turkey)<\/p>\n\n\n\n<h3 class=\"wp-block-heading\"><strong>Selection Committee Members (Shorts)<\/strong><\/h3>\n\n\n\n<p>Miquel Mart\u00ed Freixas, Cristina Kolozsv\u00e1ry-Kiss, Lyse Nsengiyumva, Rebecca De Pas, Ivan Ramljak, Koen de Rooij, Loes van Keulen<\/p>\n\n\n\n<h3 class=\"wp-block-heading\"><strong>Scouts<\/strong><\/h3>\n\n\n\n<p>Robert Gray, Nina Rodriguez Lima, Ralph McKay, Steve Polta, Ivan Ramljak, Susana Santos Rodrigues, Xu Haochen<\/p>\n\n\n\n<h2 class=\"wp-block-heading\"><strong>Funding &amp; Business Growth<\/strong><\/h2>\n\n\n\n<ul class=\"wp-block-list\">\n<li><em>Chief of Funding &amp; Business Growth<\/em> \u2013 Jennifer Tucker<\/li>\n\n\n\n<li><em>Coordinator Funding &amp; Private Partners<\/em> \u2013 Luka de Ruijter<\/li>\n\n\n\n<li><em>Trainee Funding &amp; Business Growth<\/em> \u2013 Namja Arkhouch<\/li>\n<\/ul>\n\n\n\n<h2 class=\"wp-block-heading\"><strong>Operations<\/strong><\/h2>\n\n\n\n<ul class=\"wp-block-list\">\n<li><em>Chief of Operations<\/em>&nbsp;\u2013 Catherine Reijans<\/li>\n\n\n\n<li><em>Head of Production<\/em>&nbsp;\u2013 Chabelle van der Pauw<\/li>\n\n\n\n<li><em>Coordinator Ticketing &amp; Website<\/em> \u2013 Lara Arnoldus&nbsp;<\/li>\n\n\n\n<li><em>Coordinator Applications &amp; Website<\/em> \u2013 Marco Oudewortel<\/li>\n\n\n\n<li><em>System Administrator \u2013 <\/em>Giorgi Kuiper<\/li>\n<\/ul>\n\n\n\n<h2 class=\"wp-block-heading\"><strong>Jaarrond wordt het IFFR-team ondersteund door:<\/strong><\/h2>\n\n\n\n<p>Facundo Lema (Pro), Lara Gonz\u00e1lez Lobo (Pro), Jurgen van der Vlies (Operations), Peter van Heck (Operations), Tom Timmerman (Operations)<\/p>\n\n\n\n<h2 class=\"wp-block-heading\"><strong>Supervisory Board<\/strong><\/h2>\n\n\n\n<p>Korrie Louwes (chair), Anoesjka Imambaks, Nicky Koopman, Pieter Guldemond, Sacha Polak, Joram Willink<\/p>\n","protected":false},"excerpt":{"rendered":"<p>IFFR werkt met een bevlogen team van ongeveer 40 medewerkers jaarrond. Ter voorbereiding en uitvoering van het festival en jaarrond activiteiten breidt het team zich uit met veel freelancers, stagiaires en vrijwilligers. Directors &amp; Board director@IFFR.com Business Affairs Audiences &amp; Communities&nbsp; Content Education Hubert Bals Fonds Pro Programme Operations &amp; International Relations Selection Committee Members [&hellip;]<\/p>\n","protected":false},"author":8,"featured_media":0,"parent":109620,"menu_order":0,"comment_status":"closed","ping_status":"closed","template":"","meta":{"_acf_changed":false,"editor_notices":[],"footnotes":""},"class_list":["post-116161","page","type-page","status-publish","hentry"],"acf":[],"yoast_head":"<!-- This site is optimized with the Yoast SEO plugin v27.3 - https:\/\/yoast.com\/product\/yoast-seo-wordpress\/ -->\n<title>Het team - IFFR<\/title>\n<meta name=\"robots\" content=\"index, follow, max-snippet:-1, max-image-preview:large, max-video-preview:-1\" \/>\n<link rel=\"canonical\" href=\"https:\/\/iffr.com\/nl\/over-ons\/the-team\" \/>\n<meta property=\"og:locale\" content=\"nl_NL\" \/>\n<meta property=\"og:type\" content=\"article\" \/>\n<meta property=\"og:title\" content=\"Het team - IFFR\" \/>\n<meta property=\"og:description\" content=\"IFFR werkt met een bevlogen team van ongeveer 40 medewerkers jaarrond. Ter voorbereiding en uitvoering van het festival en jaarrond activiteiten breidt het team zich uit met veel freelancers, stagiaires en vrijwilligers. Directors &amp; Board director@IFFR.com Business Affairs Audiences &amp; Communities&nbsp; Content Education Hubert Bals Fonds Pro Programme Operations &amp; International Relations Selection Committee Members [&hellip;]\" \/>\n<meta property=\"og:url\" content=\"https:\/\/iffr.com\/nl\/over-ons\/the-team\" \/>\n<meta property=\"og:site_name\" content=\"IFFR\" \/>\n<meta property=\"article:modified_time\" content=\"2026-03-19T14:54:25+00:00\" \/>\n<meta name=\"twitter:card\" content=\"summary_large_image\" \/>\n<meta name=\"twitter:label1\" content=\"Geschatte leestijd\" \/>\n\t<meta name=\"twitter:data1\" content=\"3 minuten\" \/>\n<script type=\"application\/ld+json\" class=\"yoast-schema-graph\">{\"@context\":\"https:\\\/\\\/schema.org\",\"@graph\":[{\"@type\":\"WebPage\",\"@id\":\"https:\\\/\\\/iffr.com\\\/nl\\\/over-ons\\\/the-team\",\"url\":\"https:\\\/\\\/iffr.com\\\/nl\\\/over-ons\\\/the-team\",\"name\":\"Het team - IFFR\",\"isPartOf\":{\"@id\":\"https:\\\/\\\/iffr.com\\\/nl\\\/#website\"},\"datePublished\":\"2024-05-23T10:46:36+00:00\",\"dateModified\":\"2026-03-19T14:54:25+00:00\",\"breadcrumb\":{\"@id\":\"https:\\\/\\\/iffr.com\\\/nl\\\/over-ons\\\/the-team#breadcrumb\"},\"inLanguage\":\"nl-NL\",\"potentialAction\":[{\"@type\":\"ReadAction\",\"target\":[\"https:\\\/\\\/iffr.com\\\/nl\\\/over-ons\\\/the-team\"]}]},{\"@type\":\"BreadcrumbList\",\"@id\":\"https:\\\/\\\/iffr.com\\\/nl\\\/over-ons\\\/the-team#breadcrumb\",\"itemListElement\":[{\"@type\":\"ListItem\",\"position\":1,\"name\":\"Home\",\"item\":\"https:\\\/\\\/iffr.com\\\/nl\\\/\"},{\"@type\":\"ListItem\",\"position\":2,\"name\":\"Over ons\",\"item\":\"https:\\\/\\\/iffr.com\\\/nl\\\/over-ons\"},{\"@type\":\"ListItem\",\"position\":3,\"name\":\"Het team\"}]},{\"@type\":\"WebSite\",\"@id\":\"https:\\\/\\\/iffr.com\\\/nl\\\/#website\",\"url\":\"https:\\\/\\\/iffr.com\\\/nl\\\/\",\"name\":\"IFFR\",\"description\":\"\",\"potentialAction\":[{\"@type\":\"SearchAction\",\"target\":{\"@type\":\"EntryPoint\",\"urlTemplate\":\"https:\\\/\\\/iffr.com\\\/nl\\\/?s={search_term_string}\"},\"query-input\":{\"@type\":\"PropertyValueSpecification\",\"valueRequired\":true,\"valueName\":\"search_term_string\"}}],\"inLanguage\":\"nl-NL\"}]}<\/script>\n<!-- \/ Yoast SEO plugin. -->","yoast_head_json":{"title":"Het team - IFFR","robots":{"index":"index","follow":"follow","max-snippet":"max-snippet:-1","max-image-preview":"max-image-preview:large","max-video-preview":"max-video-preview:-1"},"canonical":"https:\/\/iffr.com\/nl\/over-ons\/the-team","og_locale":"nl_NL","og_type":"article","og_title":"Het team - IFFR","og_description":"IFFR werkt met een bevlogen team van ongeveer 40 medewerkers jaarrond. Ter voorbereiding en uitvoering van het festival en jaarrond activiteiten breidt het team zich uit met veel freelancers, stagiaires en vrijwilligers. Directors &amp; Board director@IFFR.com Business Affairs Audiences &amp; Communities&nbsp; Content Education Hubert Bals Fonds Pro Programme Operations &amp; International Relations Selection Committee Members [&hellip;]","og_url":"https:\/\/iffr.com\/nl\/over-ons\/the-team","og_site_name":"IFFR","article_modified_time":"2026-03-19T14:54:25+00:00","twitter_card":"summary_large_image","twitter_misc":{"Geschatte leestijd":"3 minuten"},"schema":{"@context":"https:\/\/schema.org","@graph":[{"@type":"WebPage","@id":"https:\/\/iffr.com\/nl\/over-ons\/the-team","url":"https:\/\/iffr.com\/nl\/over-ons\/the-team","name":"Het team - IFFR","isPartOf":{"@id":"https:\/\/iffr.com\/nl\/#website"},"datePublished":"2024-05-23T10:46:36+00:00","dateModified":"2026-03-19T14:54:25+00:00","breadcrumb":{"@id":"https:\/\/iffr.com\/nl\/over-ons\/the-team#breadcrumb"},"inLanguage":"nl-NL","potentialAction":[{"@type":"ReadAction","target":["https:\/\/iffr.com\/nl\/over-ons\/the-team"]}]},{"@type":"BreadcrumbList","@id":"https:\/\/iffr.com\/nl\/over-ons\/the-team#breadcrumb","itemListElement":[{"@type":"ListItem","position":1,"name":"Home","item":"https:\/\/iffr.com\/nl\/"},{"@type":"ListItem","position":2,"name":"Over ons","item":"https:\/\/iffr.com\/nl\/over-ons"},{"@type":"ListItem","position":3,"name":"Het team"}]},{"@type":"WebSite","@id":"https:\/\/iffr.com\/nl\/#website","url":"https:\/\/iffr.com\/nl\/","name":"IFFR","description":"","potentialAction":[{"@type":"SearchAction","target":{"@type":"EntryPoint","urlTemplate":"https:\/\/iffr.com\/nl\/?s={search_term_string}"},"query-input":{"@type":"PropertyValueSpecification","valueRequired":true,"valueName":"search_term_string"}}],"inLanguage":"nl-NL"}]}},"_links":{"self":[{"href":"https:\/\/iffr.com\/nl\/wp-json\/wp\/v2\/pages\/116161","targetHints":{"allow":["GET"]}}],"collection":[{"href":"https:\/\/iffr.com\/nl\/wp-json\/wp\/v2\/pages"}],"about":[{"href":"https:\/\/iffr.com\/nl\/wp-json\/wp\/v2\/types\/page"}],"author":[{"embeddable":true,"href":"https:\/\/iffr.com\/nl\/wp-json\/wp\/v2\/users\/8"}],"replies":[{"embeddable":true,"href":"https:\/\/iffr.com\/nl\/wp-json\/wp\/v2\/comments?post=116161"}],"version-history":[{"count":33,"href":"https:\/\/iffr.com\/nl\/wp-json\/wp\/v2\/pages\/116161\/revisions"}],"predecessor-version":[{"id":225327,"href":"https:\/\/iffr.com\/nl\/wp-json\/wp\/v2\/pages\/116161\/revisions\/225327"}],"up":[{"embeddable":true,"href":"https:\/\/iffr.com\/nl\/wp-json\/wp\/v2\/pages\/109620"}],"wp:attachment":[{"href":"https:\/\/iffr.com\/nl\/wp-json\/wp\/v2\/media?parent=116161"}],"curies":[{"name":"wp","href":"https:\/\/api.w.org\/{rel}","templated":true}]}}